{"id":22463,"date":"2023-09-22T07:08:03","date_gmt":"2023-09-22T07:08:03","guid":{"rendered":"https:\/\/kus-pfaffenhofen.de\/committees-networks\/"},"modified":"2023-12-18T07:42:04","modified_gmt":"2023-12-18T07:42:04","slug":"committees-networks","status":"publish","type":"page","link":"https:\/\/kus-pfaffenhofen.de\/en\/encounter-networking\/committees-networks\/","title":{"rendered":"Committees &amp; networks"},"content":{"rendered":"\t\t<div data-elementor-type=\"wp-page\" data-elementor-id=\"22463\" class=\"elementor elementor-22463 elementor-2278\" data-elementor-post-type=\"page\">\n\t\t\t\t<div class=\"elementor-element elementor-element-a11beed e-flex e-con-boxed e-con e-parent\" data-id=\"a11beed\" data-element_type=\"container\" data-e-type=\"container\">\n\t\t\t\t\t<div class=\"e-con-inner\">\n\t\t\t\t<div class=\"elementor-element elementor-element-40668de elementor-widget elementor-widget-text-editor\" data-id=\"40668de\" data-element_type=\"widget\" data-e-type=\"widget\" data-widget_type=\"text-editor.default\">\n\t\t\t\t<div class=\"elementor-widget-container\">\n\t\t\t\t\t\t\t\t\t<p>The district of Pfaffenhofen a.d.Ilm promotes the local economy within the scope of the funds available to it through measures that serve to strengthen economic power, create and maintain jobs and apprenticeships and improve the overall economic climate. Various committees work hand in hand to achieve this.<\/p>\n\t\t\t\t\t\t\t\t<\/div>\n\t\t\t\t<\/div>\n\t\t\t\t\t<\/div>\n\t\t\t\t<\/div>\n\t\t<div class=\"elementor-element elementor-element-1d90cb8 e-flex e-con-boxed e-con e-parent\" data-id=\"1d90cb8\" data-element_type=\"container\" data-e-type=\"container\">\n\t\t\t\t\t<div class=\"e-con-inner\">\n\t\t<div class=\"elementor-element elementor-element-a3b139e e-con-full e-flex e-con e-child\" data-id=\"a3b139e\" data-element_type=\"container\" data-e-type=\"container\" data-settings=\"{&quot;background_background&quot;:&quot;classic&quot;}\">\n\t\t\t\t<div class=\"elementor-element elementor-element-49b3176 elementor-widget elementor-widget-heading\" data-id=\"49b3176\" data-element_type=\"widget\" data-e-type=\"widget\" data-widget_type=\"heading.default\">\n\t\t\t\t<div class=\"elementor-widget-container\">\n\t\t\t\t\t<h2 class=\"elementor-heading-title elementor-size-default\">Economic Advisory Board<\/h2>\t\t\t\t<\/div>\n\t\t\t\t<\/div>\n\t\t\t\t<div class=\"elementor-element elementor-element-937c427 elementor-widget elementor-widget-text-editor\" data-id=\"937c427\" data-element_type=\"widget\" data-e-type=\"widget\" data-widget_type=\"text-editor.default\">\n\t\t\t\t<div class=\"elementor-widget-container\">\n\t\t\t\t\t\t\t\t\t<p>The Economic Advisory Board is made up of leading figures from local companies, banks and chambers. The personal and professional contacts and experience of the individual members should be used for the benefit of the local tradespeople. The committee has been anchored in the district council&#8217;s rules of procedure since 2012 and is available to the district administrator and the district council in an advisory capacity. It also supports the KUS in its operational tasks and acts as an umbrella body for the trade associations in the district of Pfaffenhofen.<\/p>\n\t\t\t\t\t\t\t\t<\/div>\n\t\t\t\t<\/div>\n\t\t\t\t<div class=\"elementor-element elementor-element-fb9c145 elementor-widget elementor-widget-button\" data-id=\"fb9c145\" data-element_type=\"widget\" data-e-type=\"widget\" data-widget_type=\"button.default\">\n\t\t\t\t<div class=\"elementor-widget-container\">\n\t\t\t\t\t\t\t\t\t<div class=\"elementor-button-wrapper\">\n\t\t\t\t\t<a class=\"elementor-button elementor-button-link elementor-size-sm\" href=\"http:\/\/www.wirtschaftsbeirat-pfaffenhofen.de\" target=\"_blank\">\n\t\t\t\t\t\t<span class=\"elementor-button-content-wrapper\">\n\t\t\t\t\t\t\t\t\t<span class=\"elementor-button-text\">Further information on the Economic Advisory Board and its members<\/span>\n\t\t\t\t\t<\/span>\n\t\t\t\t\t<\/a>\n\t\t\t\t<\/div>\n\t\t\t\t\t\t\t\t<\/div>\n\t\t\t\t<\/div>\n\t\t\t\t<\/div>\n\t\t\t\t\t<\/div>\n\t\t\t\t<\/div>\n\t\t<div class=\"elementor-element elementor-element-9a7c650 e-flex e-con-boxed e-con e-parent\" data-id=\"9a7c650\" data-element_type=\"container\" data-e-type=\"container\">\n\t\t\t\t\t<div class=\"e-con-inner\">\n\t\t\t\t<div class=\"elementor-element elementor-element-d749a07 elementor-widget elementor-widget-heading\" data-id=\"d749a07\" data-element_type=\"widget\" data-e-type=\"widget\" data-widget_type=\"heading.default\">\n\t\t\t\t<div class=\"elementor-widget-container\">\n\t\t\t\t\t<h2 class=\"elementor-heading-title elementor-size-default\">Networks &amp; committees in the area of skilled workers<\/h2>\t\t\t\t<\/div>\n\t\t\t\t<\/div>\n\t\t\t\t<div class=\"elementor-element elementor-element-b9762b0 elementor-tabs-alignment-stretch elementor-tabs-view-horizontal elementor-widget elementor-widget-tabs\" data-id=\"b9762b0\" data-element_type=\"widget\" data-e-type=\"widget\" data-widget_type=\"tabs.default\">\n\t\t\t\t<div class=\"elementor-widget-container\">\n\t\t\t\t\t\t\t<div class=\"elementor-tabs\">\n\t\t\t<div class=\"elementor-tabs-wrapper\" role=\"tablist\" >\n\t\t\t\t\t\t\t\t\t<div id=\"elementor-tab-title-1941\" class=\"elementor-tab-title elementor-tab-desktop-title\" aria-selected=\"true\" data-tab=\"1\" role=\"tab\" tabindex=\"0\" aria-controls=\"elementor-tab-content-1941\" aria-expanded=\"false\">Alliance for skilled workers<\/div>\n\t\t\t\t\t\t\t\t\t<div id=\"elementor-tab-title-1942\" class=\"elementor-tab-title elementor-tab-desktop-title\" aria-selected=\"false\" data-tab=\"2\" role=\"tab\" tabindex=\"-1\" aria-controls=\"elementor-tab-content-1942\" aria-expanded=\"false\">WiBef (Economic and employment promotion in Region 10)<\/div>\n\t\t\t\t\t\t\t\t\t<div id=\"elementor-tab-title-1943\" class=\"elementor-tab-title elementor-tab-desktop-title\" aria-selected=\"false\" data-tab=\"3\" role=\"tab\" tabindex=\"-1\" aria-controls=\"elementor-tab-content-1943\" aria-expanded=\"false\">School &amp; business partnership<\/div>\n\t\t\t\t\t\t\t\t\t<div id=\"elementor-tab-title-1944\" class=\"elementor-tab-title elementor-tab-desktop-title\" aria-selected=\"false\" data-tab=\"4\" role=\"tab\" tabindex=\"-1\" aria-controls=\"elementor-tab-content-1944\" aria-expanded=\"false\">MINTmacher network<\/div>\n\t\t\t\t\t\t\t\t\t<div id=\"elementor-tab-title-1945\" class=\"elementor-tab-title elementor-tab-desktop-title\" aria-selected=\"false\" data-tab=\"5\" role=\"tab\" tabindex=\"-1\" aria-controls=\"elementor-tab-content-1945\" aria-expanded=\"false\">State vocational high school and technical high school Scheyern<\/div>\n\t\t\t\t\t\t\t\t\t<div id=\"elementor-tab-title-1946\" class=\"elementor-tab-title elementor-tab-desktop-title\" aria-selected=\"false\" data-tab=\"6\" role=\"tab\" tabindex=\"-1\" aria-controls=\"elementor-tab-content-1946\" aria-expanded=\"false\">Association for the promotion of state vocational schools in the district of Pfaffenhofen a.d.Ilm e.V.<\/div>\n\t\t\t\t\t\t\t<\/div>\n\t\t\t<div class=\"elementor-tabs-content-wrapper\" role=\"tablist\" aria-orientation=\"vertical\">\n\t\t\t\t\t\t\t\t\t<div class=\"elementor-tab-title elementor-tab-mobile-title\" aria-selected=\"true\" data-tab=\"1\" role=\"tab\" tabindex=\"0\" aria-controls=\"elementor-tab-content-1941\" aria-expanded=\"false\">Alliance for skilled workers<\/div>\n\t\t\t\t\t<div id=\"elementor-tab-content-1941\" class=\"elementor-tab-content elementor-clearfix\" data-tab=\"1\" role=\"tabpanel\" aria-labelledby=\"elementor-tab-title-1941\" tabindex=\"0\" hidden=\"false\"><p>The &#8220;Alliance for Skilled Workers&#8221; in the district of Pfaffenhofen a.d.Ilm, which was jointly founded at the beginning of 2012 by the Chamber of Industry and Commerce, the district of Pfaffenhofen, the Chamber of Skilled Crafts and the Employment Agency, is the first regional network in Upper Bavaria consisting of business, politics, authorities and social groups dedicated exclusively to the topic of securing skilled workers. One of the main aims of the alliance is to improve the compatibility of work and family life.<\/p>\n<\/div>\n\t\t\t\t\t\t\t\t\t<div class=\"elementor-tab-title elementor-tab-mobile-title\" aria-selected=\"false\" data-tab=\"2\" role=\"tab\" tabindex=\"-1\" aria-controls=\"elementor-tab-content-1942\" aria-expanded=\"false\">WiBef (Economic and employment promotion in Region 10)<\/div>\n\t\t\t\t\t<div id=\"elementor-tab-content-1942\" class=\"elementor-tab-content elementor-clearfix\" data-tab=\"2\" role=\"tabpanel\" aria-labelledby=\"elementor-tab-title-1942\" tabindex=\"0\" hidden=\"hidden\"><p>The WiBef network pools expertise, coordinates services and develops concrete solutions together. The network was founded in June 2013. In addition to KUS Landkreis Pfaffenhofen a.d.Ilm, partners include the Employment Agency, the Chamber of Crafts, the IFG, the Chamber of Industry and Commerce, IRMA, the Technical University, the vbw and the business development agencies of the districts of Eichst\u00e4tt and Neuburg. Further information on the WiBef network can be found <a title=\"workandlearn.com\" href=\"http:\/\/www.arbeitenundlernen.de\" target=\"_blank\" rel=\"noopener noreferrer\">here<\/a>.<\/p>\n<\/div>\n\t\t\t\t\t\t\t\t\t<div class=\"elementor-tab-title elementor-tab-mobile-title\" aria-selected=\"false\" data-tab=\"3\" role=\"tab\" tabindex=\"-1\" aria-controls=\"elementor-tab-content-1943\" aria-expanded=\"false\">School &amp; business partnership<\/div>\n\t\t\t\t\t<div id=\"elementor-tab-content-1943\" class=\"elementor-tab-content elementor-clearfix\" data-tab=\"3\" role=\"tabpanel\" aria-labelledby=\"elementor-tab-title-1943\" tabindex=\"0\" hidden=\"hidden\"><p>We consider the activities and campaigns in the area of cooperation between schools and business to be a very important instrument for securing young talent. You can find more information about our activities in this area <a title=\"School &amp; Economy\" href=\"http:\/\/www.kus-pfaffenhofen.de\/wirtschaft\/fachkraefte-bildung\/schule-wirtschaft\/\">here<\/a>.<\/p>\n<\/div>\n\t\t\t\t\t\t\t\t\t<div class=\"elementor-tab-title elementor-tab-mobile-title\" aria-selected=\"false\" data-tab=\"4\" role=\"tab\" tabindex=\"-1\" aria-controls=\"elementor-tab-content-1944\" aria-expanded=\"false\">MINTmacher network<\/div>\n\t\t\t\t\t<div id=\"elementor-tab-content-1944\" class=\"elementor-tab-content elementor-clearfix\" data-tab=\"4\" role=\"tabpanel\" aria-labelledby=\"elementor-tab-title-1944\" tabindex=\"0\" hidden=\"hidden\"><p>The <a href=\"https:\/\/www.mintmacher.de\/\" target=\"_blank\" rel=\"noopener\">MINTmaker<\/a> networkwhich was launched by the Initiative Regionalmanagement Region Ingolstadt e.V. (IRMA) in cooperation with the Initiative junge Forscherinnen und Forscher e.V. (IJF), aims to network, coordinate and supplement offers in the fields of mathematics, computer science, natural sciences and technology (MINT) in the districts of Pfaffenhofen a.d.Ilm, Eichst\u00e4tt and Neuburg-Schrobenhausen as well as the city of Ingolstadt.<\/p>\n<p>The aim is to establish a continuous STEM education chain from nursery school to school-leaving certificate for every type of school and every age, thus getting children and young people excited about scientific contexts. The project relies on early contact with regional companies.<\/p>\n<\/p>\n<div class=\"wpb_video_widget wpb_content_element vc_clearfix vc_video-aspect-ratio-169 vc_video-el-width-100 vc_video-align-left\">\n<div class=\"wpb_wrapper\">\n<div class=\"wpb_video_wrapper\"><span class=\"embed-youtube\"> <div class=\"brlbs-cmpnt-container brlbs-cmpnt-content-blocker brlbs-cmpnt-with-individual-styles\" data-borlabs-cookie-content-blocker-id=\"youtube-content-blocker\" data-borlabs-cookie-content=\"PGlmcmFtZSBjbGFzcz0ieW91dHViZS1wbGF5ZXIiIHNyYz0iaHR0cHM6Ly93d3cueW91dHViZS1ub2Nvb2tpZS5jb20vZW1iZWQvRE1TYUhORkdIbHM\/dmVyc2lvbj0zJmFtcDtyZWw9MSZhbXA7c2hvd3NlYXJjaD0wJmFtcDtzaG93aW5mbz0xJmFtcDtpdl9sb2FkX3BvbGljeT0xJmFtcDtmcz0xJmFtcDtobD1kZS1ERSZhbXA7YXV0b2hpZGU9MiZhbXA7d21vZGU9dHJhbnNwYXJlbnQiIHdpZHRoPSI2NDAiIGhlaWdodD0iMzYwIiBzYW5kYm94PSJhbGxvdy1zY3JpcHRzIGFsbG93LXNhbWUtb3JpZ2luIGFsbG93LXBvcHVwcyBhbGxvdy1wcmVzZW50YXRpb24iIGFsbG93ZnVsbHNjcmVlbj0iYWxsb3dmdWxsc2NyZWVuIiBkYXRhLW1jZS1mcmFnbWVudD0iMSI+PC9pZnJhbWU+\"><div class=\"brlbs-cmpnt-cb-preset-c brlbs-cmpnt-cb-youtube\"> <div class=\"brlbs-cmpnt-cb-thumbnail\" style=\"background-image: url('https:\/\/kus-pfaffenhofen.de\/wp-content\/uploads\/borlabs-cookie\/1\/yt_DMSaHNFGHls_hqdefault.jpg')\"><\/div> <div class=\"brlbs-cmpnt-cb-main\"> <div class=\"brlbs-cmpnt-cb-play-button\"><\/div> <div class=\"brlbs-cmpnt-cb-content\"> <p class=\"brlbs-cmpnt-cb-description\">You are currently viewing a placeholder content from <strong>YouTube<\/strong>. To access the actual content, click the button below. Please note that doing so will share data with third-party providers.<\/p> <a class=\"brlbs-cmpnt-cb-provider-toggle\" href=\"#\" data-borlabs-cookie-show-provider-information role=\"button\">More Information<\/a> <\/div> <div class=\"brlbs-cmpnt-cb-buttons\"> <a class=\"brlbs-cmpnt-cb-btn\" href=\"#\" data-borlabs-cookie-unblock role=\"button\">Unblock content<\/a> <a class=\"brlbs-cmpnt-cb-btn\" href=\"#\" data-borlabs-cookie-accept-service role=\"button\" style=\"display: inherit\">Accept required service and unblock content<\/a> <\/div> <\/div> <\/div><\/div><\/span><\/div>\n<\/div>\n<\/div>\n<\/div>\n\t\t\t\t\t\t\t\t\t<div class=\"elementor-tab-title elementor-tab-mobile-title\" aria-selected=\"false\" data-tab=\"5\" role=\"tab\" tabindex=\"-1\" aria-controls=\"elementor-tab-content-1945\" aria-expanded=\"false\">State vocational high school and technical high school Scheyern<\/div>\n\t\t\t\t\t<div id=\"elementor-tab-content-1945\" class=\"elementor-tab-content elementor-clearfix\" data-tab=\"5\" role=\"tabpanel\" aria-labelledby=\"elementor-tab-title-1945\" tabindex=\"0\" hidden=\"hidden\"><p>The <a href=\"https:\/\/bos-scheyern.de\/bo\/\" target=\"_blank\" rel=\"noopener noreferrer\">Berufliche Oberschule Scheyern<\/a>, which is home to the Staatliche Berufsoberschule (BOS) and the Fachoberschule (FOS), which has existed since 2012, is an important building block in the area of further education.<\/p>\n<p>The BOS offers young people the opportunity to acquire a subject-specific or general higher education entrance qualification after successfully completing their vocational training. In other words, a path that combines vocational and school education on the way to university.<\/p>\n<p>In the 11th grade of the FOS, the focus is on practical training, which comprises around half of the teaching time and mainly takes place in companies in the district. The commitment of the Business Advisory Council in the district of Pfaffenhofen has helped enormously to provide all pupils with an internship.<\/p>\n<p>The good atmosphere between students and teachers as well as the pleasant flair of the school setting in Scheyern Monastery with student accommodation gives the FOS-BOS a very good reputation that extends beyond the region.<\/p>\n<\/div>\n\t\t\t\t\t\t\t\t\t<div class=\"elementor-tab-title elementor-tab-mobile-title\" aria-selected=\"false\" data-tab=\"6\" role=\"tab\" tabindex=\"-1\" aria-controls=\"elementor-tab-content-1946\" aria-expanded=\"false\">Association for the promotion of state vocational schools in the district of Pfaffenhofen a.d.Ilm e.V.<\/div>\n\t\t\t\t\t<div id=\"elementor-tab-content-1946\" class=\"elementor-tab-content elementor-clearfix\" data-tab=\"6\" role=\"tabpanel\" aria-labelledby=\"elementor-tab-title-1946\" tabindex=\"0\" hidden=\"hidden\"><p>The association was founded in November 2013 and aims to promote and support vocational training, further education and training, cooperation between groups involved in school life, school and company partnerships at home and abroad, contacts between companies, internships and vocational schools, the procurement of learning materials of all kinds and the organization of scientific and cultural events as well as the education and qualification of teachers.<\/p>\n<p>The first field of action addressed by the association was inclusion. The aim is to invest in the existing potential of people with physical or mental disabilities, but also those with a migration background, for example.<\/p>\n<\/div>\n\t\t\t\t\t\t\t<\/div>\n\t\t<\/div>\n\t\t\t\t\t\t<\/div>\n\t\t\t\t<\/div>\n\t\t\t\t\t<\/div>\n\t\t\t\t<\/div>\n\t\t<div class=\"elementor-element elementor-element-472893b e-flex e-con-boxed e-con e-parent\" data-id=\"472893b\" data-element_type=\"container\" data-e-type=\"container\">\n\t\t\t\t\t<div class=\"e-con-inner\">\n\t\t<div class=\"elementor-element elementor-element-537a5d1 e-flex e-con-boxed e-con e-child\" data-id=\"537a5d1\" data-element_type=\"container\" data-e-type=\"container\">\n\t\t\t\t\t<div class=\"e-con-inner\">\n\t\t\t\t<div class=\"elementor-element elementor-element-e2ad6d3 elementor-widget elementor-widget-image\" data-id=\"e2ad6d3\" data-element_type=\"widget\" data-e-type=\"widget\" data-widget_type=\"image.default\">\n\t\t\t\t<div class=\"elementor-widget-container\">\n\t\t\t\t\t\t\t\t\t\t\t\t\t\t\t<img fetchpriority=\"high\" decoding=\"async\" width=\"248\" height=\"300\" src=\"https:\/\/kus-pfaffenhofen.de\/wp-content\/uploads\/2023\/09\/Karte-Region-10-248x300.jpg\" class=\"attachment-medium size-medium wp-image-2374\" alt=\"\" srcset=\"https:\/\/kus-pfaffenhofen.de\/wp-content\/uploads\/2023\/09\/Karte-Region-10-248x300.jpg 248w, https:\/\/kus-pfaffenhofen.de\/wp-content\/uploads\/2023\/09\/Karte-Region-10.jpg 554w\" sizes=\"(max-width: 248px) 100vw, 248px\" \/>\t\t\t\t\t\t\t\t\t\t\t\t\t\t\t<\/div>\n\t\t\t\t<\/div>\n\t\t\t\t\t<\/div>\n\t\t\t\t<\/div>\n\t\t<div class=\"elementor-element elementor-element-9b3648d e-flex e-con-boxed e-con e-child\" data-id=\"9b3648d\" data-element_type=\"container\" data-e-type=\"container\">\n\t\t\t\t\t<div class=\"e-con-inner\">\n\t\t\t\t<div class=\"elementor-element elementor-element-53d2f82 elementor-widget elementor-widget-heading\" data-id=\"53d2f82\" data-element_type=\"widget\" data-e-type=\"widget\" data-widget_type=\"heading.default\">\n\t\t\t\t<div class=\"elementor-widget-container\">\n\t\t\t\t\t<h2 class=\"elementor-heading-title elementor-size-default\">IRMA e.V.<\/h2>\t\t\t\t<\/div>\n\t\t\t\t<\/div>\n\t\t\t\t<div class=\"elementor-element elementor-element-2029af7 elementor-widget elementor-widget-text-editor\" data-id=\"2029af7\" data-element_type=\"widget\" data-e-type=\"widget\" data-widget_type=\"text-editor.default\">\n\t\t\t\t<div class=\"elementor-widget-container\">\n\t\t\t\t\t\t\t\t\t<p>In 2008, the city of Ingolstadt, the districts of Pfaffenhofen, Eichst\u00e4tt and Neuburg-Schrobenhausen and the companies Bauer, Airbus, MediaMarktSaturn and EDEKA S\u00fcdbayern joined forces to form one of Germany&#8217;s largest public-private partnerships: the Initiative Regionalmanagement Region Ingolstadt e.V., or IRMA for short.<\/p>\n\t\t\t\t\t\t\t\t<\/div>\n\t\t\t\t<\/div>\n\t\t\t\t<div class=\"elementor-element elementor-element-f4970e7 elementor-widget elementor-widget-button\" data-id=\"f4970e7\" data-element_type=\"widget\" data-e-type=\"widget\" data-widget_type=\"button.default\">\n\t\t\t\t<div class=\"elementor-widget-container\">\n\t\t\t\t\t\t\t\t\t<div class=\"elementor-button-wrapper\">\n\t\t\t\t\t<a class=\"elementor-button elementor-button-link elementor-size-sm\" href=\"https:\/\/www.irma-ev.de\/\">\n\t\t\t\t\t\t<span class=\"elementor-button-content-wrapper\">\n\t\t\t\t\t\t\t\t\t<span class=\"elementor-button-text\">To the IRMA website<\/span>\n\t\t\t\t\t<\/span>\n\t\t\t\t\t<\/a>\n\t\t\t\t<\/div>\n\t\t\t\t\t\t\t\t<\/div>\n\t\t\t\t<\/div>\n\t\t\t\t\t<\/div>\n\t\t\t\t<\/div>\n\t\t\t\t\t<\/div>\n\t\t\t\t<\/div>\n\t\t<div class=\"elementor-element elementor-element-caf9b91 e-flex e-con-boxed e-con e-parent\" data-id=\"caf9b91\" data-element_type=\"container\" data-e-type=\"container\">\n\t\t\t\t\t<div class=\"e-con-inner\">\n\t\t\t\t<div class=\"elementor-element elementor-element-2dbfb84 elementor-widget elementor-widget-heading\" data-id=\"2dbfb84\" data-element_type=\"widget\" data-e-type=\"widget\" data-widget_type=\"heading.default\">\n\t\t\t\t<div class=\"elementor-widget-container\">\n\t\t\t\t\t<h2 class=\"elementor-heading-title elementor-size-default\">Networks &amp; committees in the start-up sector<\/h2>\t\t\t\t<\/div>\n\t\t\t\t<\/div>\n\t\t\t\t<div class=\"elementor-element elementor-element-f2968fe elementor-tabs-view-horizontal elementor-widget elementor-widget-tabs\" data-id=\"f2968fe\" data-element_type=\"widget\" data-e-type=\"widget\" data-widget_type=\"tabs.default\">\n\t\t\t\t<div class=\"elementor-widget-container\">\n\t\t\t\t\t\t\t<div class=\"elementor-tabs\">\n\t\t\t<div class=\"elementor-tabs-wrapper\" role=\"tablist\" >\n\t\t\t\t\t\t\t\t\t<div id=\"elementor-tab-title-2541\" class=\"elementor-tab-title elementor-tab-desktop-title\" aria-selected=\"true\" data-tab=\"1\" role=\"tab\" tabindex=\"0\" aria-controls=\"elementor-tab-content-2541\" aria-expanded=\"false\">Brigk - Digital start-up center<\/div>\n\t\t\t\t\t\t\t\t\t<div id=\"elementor-tab-title-2542\" class=\"elementor-tab-title elementor-tab-desktop-title\" aria-selected=\"false\" data-tab=\"2\" role=\"tab\" tabindex=\"-1\" aria-controls=\"elementor-tab-content-2542\" aria-expanded=\"false\">EGZ Ingolstadt - Business Start-up Center<\/div>\n\t\t\t\t\t\t\t<\/div>\n\t\t\t<div class=\"elementor-tabs-content-wrapper\" role=\"tablist\" aria-orientation=\"vertical\">\n\t\t\t\t\t\t\t\t\t<div class=\"elementor-tab-title elementor-tab-mobile-title\" aria-selected=\"true\" data-tab=\"1\" role=\"tab\" tabindex=\"0\" aria-controls=\"elementor-tab-content-2541\" aria-expanded=\"false\">Brigk - Digital start-up center<\/div>\n\t\t\t\t\t<div id=\"elementor-tab-content-2541\" class=\"elementor-tab-content elementor-clearfix\" data-tab=\"1\" role=\"tabpanel\" aria-labelledby=\"elementor-tab-title-2541\" tabindex=\"0\" hidden=\"false\"><p class=\"about-us__description\"><img decoding=\"async\" class=\"alignnone wp-image-1278 size-medium\" src=\"https:\/\/kus-pfaffenhofen.de\/wp-content\/uploads\/2023\/06\/06_bri_logo_brigk_RGB.svg\" alt=\"\" width=\"300\" height=\"233\"><\/p>\n<p class=\"about-us__description\">The brigk &#8211; a place where bright minds work side by side on specific topics (#digital). This is where bright minds become entrepreneurs and good ideas become digital reality. Together with our shareholders and partners, we at brigk have created the perfect environment for your company&#8217;s first steps. In the brigk coworking space, you can rent a temporary workplace and work on your project alone or in a team. We also offer you access to the brigk Makerspace &#8211; Ingolstadt&#8217;s first open high-tech workshop to turn your ideas into reality. We not only offer great support for your ideas, but also connect founders with corporations and experts, freelancers and service providers with entrepreneurs and start-ups with investors. Would you like to become part of the brigk community? Then get in touch with us!<\/p>\n<div class=\"basic-info-item\"><a class=\"external-link about-us__link\" href=\"https:\/\/brigk.digital\/\" target=\"_blank\" rel=\"noopener noreferrer\" data-tracking-control-name=\"about_website\" data-tracking-will-navigate=\"\">https:\/\/www.mintmacher.de\/ <\/a>  <\/div>\n<\/div>\n\t\t\t\t\t\t\t\t\t<div class=\"elementor-tab-title elementor-tab-mobile-title\" aria-selected=\"false\" data-tab=\"2\" role=\"tab\" tabindex=\"-1\" aria-controls=\"elementor-tab-content-2542\" aria-expanded=\"false\">EGZ Ingolstadt - Business Start-up Center<\/div>\n\t\t\t\t\t<div id=\"elementor-tab-content-2542\" class=\"elementor-tab-content elementor-clearfix\" data-tab=\"2\" role=\"tabpanel\" aria-labelledby=\"elementor-tab-title-2542\" tabindex=\"0\" hidden=\"hidden\"><p><img decoding=\"async\" class=\"alignnone size-medium wp-image-1276\" src=\"https:\/\/kus-pfaffenhofen.de\/wp-content\/uploads\/2023\/06\/07_Logo-EGZ.svg\" alt=\"\" width=\"300\" height=\"75\"><\/p>\n<p>The EGZ is a municipal innovation and start-up center for Region 10, IngolstadtLandPlus. In the center of the region, conveniently located directly in front of the Ingolstadt Village Outlet Center, the EGZ offers founders and start-ups the right environment to get through the first and most difficult years without any problems.<\/p>\n<div class=\"basic-info-item\"><a href=\"https:\/\/www.egz.de\/\">https:\/\/www.egz.de\/<\/a><\/div>\n<\/div>\n\t\t\t\t\t\t\t<\/div>\n\t\t<\/div>\n\t\t\t\t\t\t<\/div>\n\t\t\t\t<\/div>\n\t\t\t\t\t<\/div>\n\t\t\t\t<\/div>\n\t\t<div class=\"elementor-element elementor-element-08acd54 e-flex e-con-boxed e-con e-parent\" data-id=\"08acd54\" data-element_type=\"container\" data-e-type=\"container\">\n\t\t\t\t\t<div class=\"e-con-inner\">\n\t\t<div class=\"elementor-element elementor-element-874a8ff e-con-full e-flex e-con e-child\" data-id=\"874a8ff\" data-element_type=\"container\" data-e-type=\"container\" data-settings=\"{&quot;background_background&quot;:&quot;classic&quot;}\">\n\t\t\t\t<div class=\"elementor-element elementor-element-18777fd elementor-widget elementor-widget-heading\" data-id=\"18777fd\" data-element_type=\"widget\" data-e-type=\"widget\" data-widget_type=\"heading.default\">\n\t\t\t\t<div class=\"elementor-widget-container\">\n\t\t\t\t\t<h2 class=\"elementor-heading-title elementor-size-default\">European Metropolitan Region Munich<\/h2>\t\t\t\t<\/div>\n\t\t\t\t<\/div>\n\t\t\t\t<div class=\"elementor-element elementor-element-85af569 elementor-widget elementor-widget-text-editor\" data-id=\"85af569\" data-element_type=\"widget\" data-e-type=\"widget\" data-widget_type=\"text-editor.default\">\n\t\t\t\t<div class=\"elementor-widget-container\">\n\t\t\t\t\t\t\t\t\t<p>The European Munich Metropolitan Region (EMM) stretches from Eichst\u00e4tt in the north to Garmisch-Partenkirchen in the south and from Dillingen an der Donau and Ostallg\u00e4u in the west to Alt\u00f6tting in the east. Around one in 14 Germans lives in the Munich metropolitan region.<\/p>\n<p>With its proximity to Munich, the district of Pfaffenhofen a.d.Ilm is part of the metropolitan region and accordingly a member of the EMM.<\/p>\n\t\t\t\t\t\t\t\t<\/div>\n\t\t\t\t<\/div>\n\t\t\t\t<div class=\"elementor-element elementor-element-553c4ad elementor-widget elementor-widget-button\" data-id=\"553c4ad\" data-element_type=\"widget\" data-e-type=\"widget\" data-widget_type=\"button.default\">\n\t\t\t\t<div class=\"elementor-widget-container\">\n\t\t\t\t\t\t\t\t\t<div class=\"elementor-button-wrapper\">\n\t\t\t\t\t<a class=\"elementor-button elementor-button-link elementor-size-sm\" href=\"https:\/\/www.metropolregion-muenchen.eu\/\" target=\"_blank\">\n\t\t\t\t\t\t<span class=\"elementor-button-content-wrapper\">\n\t\t\t\t\t\t\t\t\t<span class=\"elementor-button-text\">Further information on the Emm<\/span>\n\t\t\t\t\t<\/span>\n\t\t\t\t\t<\/a>\n\t\t\t\t<\/div>\n\t\t\t\t\t\t\t\t<\/div>\n\t\t\t\t<\/div>\n\t\t\t\t<\/div>\n\t\t\t\t\t<\/div>\n\t\t\t\t<\/div>\n\t\t<div class=\"elementor-element elementor-element-d7ffa8f e-flex e-con-boxed e-con e-parent\" data-id=\"d7ffa8f\" data-element_type=\"container\" data-e-type=\"container\">\n\t\t\t\t\t<div class=\"e-con-inner\">\n\t\t\t\t<div class=\"elementor-element elementor-element-16d0c52 elementor-widget elementor-widget-heading\" data-id=\"16d0c52\" data-element_type=\"widget\" data-e-type=\"widget\" data-widget_type=\"heading.default\">\n\t\t\t\t<div class=\"elementor-widget-container\">\n\t\t\t\t\t<h2 class=\"elementor-heading-title elementor-size-default\">Trade associations<\/h2>\t\t\t\t<\/div>\n\t\t\t\t<\/div>\n\t\t\t\t<div class=\"elementor-element elementor-element-b9ee714 elementor-tabs-view-vertical elementor-widget elementor-widget-tabs\" data-id=\"b9ee714\" data-element_type=\"widget\" data-e-type=\"widget\" data-widget_type=\"tabs.default\">\n\t\t\t\t<div class=\"elementor-widget-container\">\n\t\t\t\t\t\t\t<div class=\"elementor-tabs\">\n\t\t\t<div class=\"elementor-tabs-wrapper\" role=\"tablist\" >\n\t\t\t\t\t\t\t\t\t<div id=\"elementor-tab-title-1941\" class=\"elementor-tab-title elementor-tab-desktop-title\" aria-selected=\"true\" data-tab=\"1\" role=\"tab\" tabindex=\"0\" aria-controls=\"elementor-tab-content-1941\" aria-expanded=\"false\">ProWirtschaft Pfaffenhofen e.V.<\/div>\n\t\t\t\t\t\t\t\t\t<div id=\"elementor-tab-title-1942\" class=\"elementor-tab-title elementor-tab-desktop-title\" aria-selected=\"false\" data-tab=\"2\" role=\"tab\" tabindex=\"-1\" aria-controls=\"elementor-tab-content-1942\" aria-expanded=\"false\">Interest group Lebendige Innenstadt Pfaffenhofen<\/div>\n\t\t\t\t\t\t\t\t\t<div id=\"elementor-tab-title-1943\" class=\"elementor-tab-title elementor-tab-desktop-title\" aria-selected=\"false\" data-tab=\"3\" role=\"tab\" tabindex=\"-1\" aria-controls=\"elementor-tab-content-1943\" aria-expanded=\"false\">ProWirtschaft Geisenfeld<\/div>\n\t\t\t\t\t\t\t\t\t<div id=\"elementor-tab-title-1944\" class=\"elementor-tab-title elementor-tab-desktop-title\" aria-selected=\"false\" data-tab=\"4\" role=\"tab\" tabindex=\"-1\" aria-controls=\"elementor-tab-content-1944\" aria-expanded=\"false\">Paartaler Gewerbevereinigung Hohenwart e.V.<\/div>\n\t\t\t\t\t\t\t\t\t<div id=\"elementor-tab-title-1945\" class=\"elementor-tab-title elementor-tab-desktop-title\" aria-selected=\"false\" data-tab=\"5\" role=\"tab\" tabindex=\"-1\" aria-controls=\"elementor-tab-content-1945\" aria-expanded=\"false\">IHR S\u00fcdliches Ilmtal Trade Association e.V.<\/div>\n\t\t\t\t\t\t\t\t\t<div id=\"elementor-tab-title-1946\" class=\"elementor-tab-title elementor-tab-desktop-title\" aria-selected=\"false\" data-tab=\"6\" role=\"tab\" tabindex=\"-1\" aria-controls=\"elementor-tab-content-1946\" aria-expanded=\"false\">Trade association Jetzendorf e.V.<\/div>\n\t\t\t\t\t\t\t\t\t<div id=\"elementor-tab-title-1947\" class=\"elementor-tab-title elementor-tab-desktop-title\" aria-selected=\"false\" data-tab=\"7\" role=\"tab\" tabindex=\"-1\" aria-controls=\"elementor-tab-content-1947\" aria-expanded=\"false\">Trade association Scheyern e.V.  <\/div>\n\t\t\t\t\t\t\t\t\t<div id=\"elementor-tab-title-1948\" class=\"elementor-tab-title elementor-tab-desktop-title\" aria-selected=\"false\" data-tab=\"8\" role=\"tab\" tabindex=\"-1\" aria-controls=\"elementor-tab-content-1948\" aria-expanded=\"false\">Trade association Manching e.V.<\/div>\n\t\t\t\t\t\t\t\t\t<div id=\"elementor-tab-title-1949\" class=\"elementor-tab-title elementor-tab-desktop-title\" aria-selected=\"false\" data-tab=\"9\" role=\"tab\" tabindex=\"-1\" aria-controls=\"elementor-tab-content-1949\" aria-expanded=\"false\">Trade association M\u00fcnchsm\u00fcnster e.V.<\/div>\n\t\t\t\t\t\t\t\t\t<div id=\"elementor-tab-title-19410\" class=\"elementor-tab-title elementor-tab-desktop-title\" aria-selected=\"false\" data-tab=\"10\" role=\"tab\" tabindex=\"-1\" aria-controls=\"elementor-tab-content-19410\" aria-expanded=\"false\">Vohburg action group<\/div>\n\t\t\t\t\t\t\t\t\t<div id=\"elementor-tab-title-19411\" class=\"elementor-tab-title elementor-tab-desktop-title\" aria-selected=\"false\" data-tab=\"11\" role=\"tab\" tabindex=\"-1\" aria-controls=\"elementor-tab-content-19411\" aria-expanded=\"false\">Wolnzach trade association<\/div>\n\t\t\t\t\t\t\t\t\t<div id=\"elementor-tab-title-19412\" class=\"elementor-tab-title elementor-tab-desktop-title\" aria-selected=\"false\" data-tab=\"12\" role=\"tab\" tabindex=\"-1\" aria-controls=\"elementor-tab-content-19412\" aria-expanded=\"false\">Discover Rohrbach<\/div>\n\t\t\t\t\t\t\t\t\t<div id=\"elementor-tab-title-19413\" class=\"elementor-tab-title elementor-tab-desktop-title\" aria-selected=\"false\" data-tab=\"13\" role=\"tab\" tabindex=\"-1\" aria-controls=\"elementor-tab-content-19413\" aria-expanded=\"false\">Federation of the self-employed - local association Rohrbach<\/div>\n\t\t\t\t\t\t\t\t\t<div id=\"elementor-tab-title-19414\" class=\"elementor-tab-title elementor-tab-desktop-title\" aria-selected=\"false\" data-tab=\"14\" role=\"tab\" tabindex=\"-1\" aria-controls=\"elementor-tab-content-19414\" aria-expanded=\"false\">Association of the self-employed - Reichertshofen local association<\/div>\n\t\t\t\t\t\t\t<\/div>\n\t\t\t<div class=\"elementor-tabs-content-wrapper\" role=\"tablist\" aria-orientation=\"vertical\">\n\t\t\t\t\t\t\t\t\t<div class=\"elementor-tab-title elementor-tab-mobile-title\" aria-selected=\"true\" data-tab=\"1\" role=\"tab\" tabindex=\"0\" aria-controls=\"elementor-tab-content-1941\" aria-expanded=\"false\">ProWirtschaft Pfaffenhofen e.V.<\/div>\n\t\t\t\t\t<div id=\"elementor-tab-content-1941\" class=\"elementor-tab-content elementor-clearfix\" data-tab=\"1\" role=\"tabpanel\" aria-labelledby=\"elementor-tab-title-1941\" tabindex=\"0\" hidden=\"false\"><p><img loading=\"lazy\" decoding=\"async\" class=\"alignnone wp-image-2354 size-medium\" src=\"https:\/\/kus-pfaffenhofen.de\/wp-content\/uploads\/2023\/09\/Pro-Wirtschaft-Logo-300x201.jpg\" alt=\"\" width=\"300\" height=\"201\" srcset=\"https:\/\/kus-pfaffenhofen.de\/wp-content\/uploads\/2023\/09\/Pro-Wirtschaft-Logo-300x201.jpg 300w, https:\/\/kus-pfaffenhofen.de\/wp-content\/uploads\/2023\/09\/Pro-Wirtschaft-Logo-768x514.jpg 768w, https:\/\/kus-pfaffenhofen.de\/wp-content\/uploads\/2023\/09\/Pro-Wirtschaft-Logo.jpg 800w\" sizes=\"(max-width: 300px) 100vw, 300px\" \/><\/p>\n<p>ProWirtschaft is a broad-based business network that is active on many levels in the Pfaffenhofen a. d. Ilm region (Upper Bavaria).<\/p>\n<p><a title=\"Pro-Economy.com\" href=\"http:\/\/www.pro-wirtschaft.com\/\" target=\"_blank\" rel=\"noopener noreferrer\">Click here <\/a>for the website of ProWirtschaft Pfaffenhofen e.V.<\/p>\n<\/div>\n\t\t\t\t\t\t\t\t\t<div class=\"elementor-tab-title elementor-tab-mobile-title\" aria-selected=\"false\" data-tab=\"2\" role=\"tab\" tabindex=\"-1\" aria-controls=\"elementor-tab-content-1942\" aria-expanded=\"false\">Interest group Lebendige Innenstadt Pfaffenhofen<\/div>\n\t\t\t\t\t<div id=\"elementor-tab-content-1942\" class=\"elementor-tab-content elementor-clearfix\" data-tab=\"2\" role=\"tabpanel\" aria-labelledby=\"elementor-tab-title-1942\" tabindex=\"0\" hidden=\"hidden\"><p><img loading=\"lazy\" decoding=\"async\" class=\"alignnone size-full wp-image-2356\" src=\"https:\/\/kus-pfaffenhofen.de\/wp-content\/uploads\/2023\/09\/logoli.jpg\" alt=\"\" width=\"200\" height=\"166\"><\/p>\n<p>The interest group Lebendige Innenstadt (IGLI) was founded in 2008 as an informal network with the aim of sustainably developing a vibrant city center.<\/p>\n<p>In order to create a more solid basis for projects and the administrative organization, the active inner city businesses have also initiated their own association &#8220;Lebendige Innenstadt Pfaffenhofen a.d. Ilm e.V.&#8221;.<\/p>\n<p><a title=\"Vibrant city center\" href=\"http:\/\/www.paf-lebt.de\/\" target=\"_blank\" rel=\"noopener noreferrer\">Click here<\/a> for the website of the interest group Lebendige Innenstadt Pfaffenhofen.<\/p>\n<\/div>\n\t\t\t\t\t\t\t\t\t<div class=\"elementor-tab-title elementor-tab-mobile-title\" aria-selected=\"false\" data-tab=\"3\" role=\"tab\" tabindex=\"-1\" aria-controls=\"elementor-tab-content-1943\" aria-expanded=\"false\">ProWirtschaft Geisenfeld<\/div>\n\t\t\t\t\t<div id=\"elementor-tab-content-1943\" class=\"elementor-tab-content elementor-clearfix\" data-tab=\"3\" role=\"tabpanel\" aria-labelledby=\"elementor-tab-title-1943\" tabindex=\"0\" hidden=\"hidden\"><p><span class=\"ngen_F\">Businesses from Geisenfeld are part of the ProWirtschaft Landkreis Pfaffenhofen business network.  <\/span><\/p>\n<p><a title=\"Pro-Economy.com\" href=\"http:\/\/www.pro-wirtschaft.com\/\" target=\"_blank\" rel=\"noopener noreferrer\">Click here <\/a>for the website of ProWirtschaft Pfaffenhofen e.V.<\/p>\n<\/div>\n\t\t\t\t\t\t\t\t\t<div class=\"elementor-tab-title elementor-tab-mobile-title\" aria-selected=\"false\" data-tab=\"4\" role=\"tab\" tabindex=\"-1\" aria-controls=\"elementor-tab-content-1944\" aria-expanded=\"false\">Paartaler Gewerbevereinigung Hohenwart e.V.<\/div>\n\t\t\t\t\t<div id=\"elementor-tab-content-1944\" class=\"elementor-tab-content elementor-clearfix\" data-tab=\"4\" role=\"tabpanel\" aria-labelledby=\"elementor-tab-title-1944\" tabindex=\"0\" hidden=\"hidden\"><p><img loading=\"lazy\" decoding=\"async\" class=\"alignnone wp-image-2346 size-medium\" src=\"https:\/\/kus-pfaffenhofen.de\/wp-content\/uploads\/2023\/09\/Paartaler-Gewerbevereinigung-editor_logo-300x41.jpeg\" alt=\"\" width=\"300\" height=\"41\" srcset=\"https:\/\/kus-pfaffenhofen.de\/wp-content\/uploads\/2023\/09\/Paartaler-Gewerbevereinigung-editor_logo-300x41.jpeg 300w, https:\/\/kus-pfaffenhofen.de\/wp-content\/uploads\/2023\/09\/Paartaler-Gewerbevereinigung-editor_logo-768x105.jpeg 768w, https:\/\/kus-pfaffenhofen.de\/wp-content\/uploads\/2023\/09\/Paartaler-Gewerbevereinigung-editor_logo.jpeg 880w\" sizes=\"(max-width: 300px) 100vw, 300px\" \/><\/p>\n<p>The Paartaler Gewerbevereinigung Hohenwart e.V. has set itself the task of attracting all tradespeople from the Hohenwart market area and neighboring communities to become members. From trade and crafts, services to the liberal professions and industry, all types of business are represented here.<\/p>\n<p><a title=\"paartaler-gewerbevereinigung-hohenwart.de\" href=\"http:\/\/www.paartaler-gewerbevereinigung-hohenwart.de\" target=\"_blank\" rel=\"noopener noreferrer\">Click here<\/a> for the website of the Paartaler Gewerbevereinigung Hohenwart e.V.<\/p><\/p>\n<\/div>\n\t\t\t\t\t\t\t\t\t<div class=\"elementor-tab-title elementor-tab-mobile-title\" aria-selected=\"false\" data-tab=\"5\" role=\"tab\" tabindex=\"-1\" aria-controls=\"elementor-tab-content-1945\" aria-expanded=\"false\">IHR S\u00fcdliches Ilmtal Trade Association e.V.<\/div>\n\t\t\t\t\t<div id=\"elementor-tab-content-1945\" class=\"elementor-tab-content elementor-clearfix\" data-tab=\"5\" role=\"tabpanel\" aria-labelledby=\"elementor-tab-title-1945\" tabindex=\"0\" hidden=\"hidden\"><p><img loading=\"lazy\" decoding=\"async\" class=\"alignnone wp-image-2343 size-medium\" src=\"https:\/\/kus-pfaffenhofen.de\/wp-content\/uploads\/2023\/09\/IHR_CMYK_Original-quer-300x140.jpg\" alt=\"\" width=\"300\" height=\"140\" srcset=\"https:\/\/kus-pfaffenhofen.de\/wp-content\/uploads\/2023\/09\/IHR_CMYK_Original-quer-300x140.jpg 300w, https:\/\/kus-pfaffenhofen.de\/wp-content\/uploads\/2023\/09\/IHR_CMYK_Original-quer.jpg 459w\" sizes=\"(max-width: 300px) 100vw, 300px\" \/><\/p>\n<p>The IHR S\u00fcdliches Ilmtal Gewerbevereinigung e.V. is open to all tradespeople who have their place of residence and\/or business in the three municipalities of Ilmm\u00fcnster, Hettenshausen or Reichertshausen.<\/p>\n<p>The aim of the trade association is to represent and network the interests of services, trade, crafts and tradespeople in the three municipalities. The aim is to improve the economic potential of the members, bundle purchasing power and keep the money in the region.<\/p>\n<p><a title=\"YOUR Southern Ilm Valley\" href=\"http:\/\/www.ihr-ilmtal.de\/\" target=\"_blank\" rel=\"noopener noreferrer\">Click here<\/a> for the website of IHR S\u00fcdliches Ilmtal Gewerbevereinigung e.V.<\/p>\n<\/div>\n\t\t\t\t\t\t\t\t\t<div class=\"elementor-tab-title elementor-tab-mobile-title\" aria-selected=\"false\" data-tab=\"6\" role=\"tab\" tabindex=\"-1\" aria-controls=\"elementor-tab-content-1946\" aria-expanded=\"false\">Trade association Jetzendorf e.V.<\/div>\n\t\t\t\t\t<div id=\"elementor-tab-content-1946\" class=\"elementor-tab-content elementor-clearfix\" data-tab=\"6\" role=\"tabpanel\" aria-labelledby=\"elementor-tab-title-1946\" tabindex=\"0\" hidden=\"hidden\"><p><img loading=\"lazy\" decoding=\"async\" class=\"alignnone size-medium wp-image-2348\" src=\"https:\/\/kus-pfaffenhofen.de\/wp-content\/uploads\/2023\/09\/Logo-Gewerbeverein-Jetzendorf-300x71.png\" alt=\"\" width=\"300\" height=\"71\" srcset=\"https:\/\/kus-pfaffenhofen.de\/wp-content\/uploads\/2023\/09\/Logo-Gewerbeverein-Jetzendorf-300x71.png 300w, https:\/\/kus-pfaffenhofen.de\/wp-content\/uploads\/2023\/09\/Logo-Gewerbeverein-Jetzendorf.png 637w\" sizes=\"(max-width: 300px) 100vw, 300px\" \/><\/p>\n<p>The Gewerbeverein Jetzendorf e.V. (predecessor was the Gewerbeortsverband) was founded in November 2000 with 13 interested tradespeople. In the meantime, the number of members has risen to over 40. It is an active interest group of local companies from the service, trade, craft, industry and liberal professions, which on the one hand represents them vis-\u00e0-vis institutions (municipality, district, Free State, etc.) and on the other hand stimulates demand among its members through various measures. Exchanging information, sharing experiences, training and further education, networking, but also socializing are also part of it.<\/p>\n<p><a title=\"gewerbeverein-jetzendorf.de\" href=\"http:\/\/www.gewerbeverein-jetzendorf.de\" target=\"_blank\" rel=\"noopener noreferrer\">Click here<\/a> for the website of the Jetzendorf trade association.<\/p>\n<\/div>\n\t\t\t\t\t\t\t\t\t<div class=\"elementor-tab-title elementor-tab-mobile-title\" aria-selected=\"false\" data-tab=\"7\" role=\"tab\" tabindex=\"-1\" aria-controls=\"elementor-tab-content-1947\" aria-expanded=\"false\">Trade association Scheyern e.V.  <\/div>\n\t\t\t\t\t<div id=\"elementor-tab-content-1947\" class=\"elementor-tab-content elementor-clearfix\" data-tab=\"7\" role=\"tabpanel\" aria-labelledby=\"elementor-tab-title-1947\" tabindex=\"0\" hidden=\"hidden\"><p><img loading=\"lazy\" decoding=\"async\" class=\"alignnone size-medium wp-image-2358\" src=\"https:\/\/kus-pfaffenhofen.de\/wp-content\/uploads\/2023\/09\/Logo-Gewerbeverein-Scheyern-e.V-300x149.jpg\" alt=\"\" width=\"300\" height=\"149\" srcset=\"https:\/\/kus-pfaffenhofen.de\/wp-content\/uploads\/2023\/09\/Logo-Gewerbeverein-Scheyern-e.V-300x149.jpg 300w, https:\/\/kus-pfaffenhofen.de\/wp-content\/uploads\/2023\/09\/Logo-Gewerbeverein-Scheyern-e.V-768x380.jpg 768w, https:\/\/kus-pfaffenhofen.de\/wp-content\/uploads\/2023\/09\/Logo-Gewerbeverein-Scheyern-e.V.jpg 862w\" sizes=\"(max-width: 300px) 100vw, 300px\" \/><\/p>\n<p>The Gewerbeverein Scheyern e.V. was founded in spring 2017 by 19 tradespeople and entered in the register of associations. In the meantime, the number of members has risen to over 40. Our association is independent and non-profit. We have set ourselves the goal of promoting the civic involvement of trade, the service sector, the liberal professions, crafts, commerce, the medical professions, gastronomy and local authorities in the municipality of Scheyern.<\/p>\n<p><a href=\"http:\/\/www.gewerbeverein-scheyern.de\" target=\"_blank\" rel=\"noopener noreferrer\">Click here<\/a> for the website of the Scheyern Trade Association.<\/p>\n<\/div>\n\t\t\t\t\t\t\t\t\t<div class=\"elementor-tab-title elementor-tab-mobile-title\" aria-selected=\"false\" data-tab=\"8\" role=\"tab\" tabindex=\"-1\" aria-controls=\"elementor-tab-content-1948\" aria-expanded=\"false\">Trade association Manching e.V.<\/div>\n\t\t\t\t\t<div id=\"elementor-tab-content-1948\" class=\"elementor-tab-content elementor-clearfix\" data-tab=\"8\" role=\"tabpanel\" aria-labelledby=\"elementor-tab-title-1948\" tabindex=\"0\" hidden=\"hidden\"><p><img loading=\"lazy\" decoding=\"async\" class=\"alignnone size-medium wp-image-2350\" src=\"https:\/\/kus-pfaffenhofen.de\/wp-content\/uploads\/2023\/09\/Gewerbeverband-aManching-header-300x99.jpg\" alt=\"\" width=\"300\" height=\"99\" srcset=\"https:\/\/kus-pfaffenhofen.de\/wp-content\/uploads\/2023\/09\/Gewerbeverband-aManching-header-300x99.jpg 300w, https:\/\/kus-pfaffenhofen.de\/wp-content\/uploads\/2023\/09\/Gewerbeverband-aManching-header-768x253.jpg 768w, https:\/\/kus-pfaffenhofen.de\/wp-content\/uploads\/2023\/09\/Gewerbeverband-aManching-header.jpg 850w\" sizes=\"(max-width: 300px) 100vw, 300px\" \/><\/p>\n<p><a title=\"gewerbeverband-manching.de\" href=\"http:\/\/www.gewerbeverband-manching.de\" target=\"_blank\" rel=\"noopener noreferrer\">Click here<\/a> for the website of Gewerbeverband Manching e.V.<\/p>\n<\/div>\n\t\t\t\t\t\t\t\t\t<div class=\"elementor-tab-title elementor-tab-mobile-title\" aria-selected=\"false\" data-tab=\"9\" role=\"tab\" tabindex=\"-1\" aria-controls=\"elementor-tab-content-1949\" aria-expanded=\"false\">Trade association M\u00fcnchsm\u00fcnster e.V.<\/div>\n\t\t\t\t\t<div id=\"elementor-tab-content-1949\" class=\"elementor-tab-content elementor-clearfix\" data-tab=\"9\" role=\"tabpanel\" aria-labelledby=\"elementor-tab-title-1949\" tabindex=\"0\" hidden=\"hidden\"><p><img loading=\"lazy\" decoding=\"async\" class=\"alignnone size-medium wp-image-2352\" src=\"https:\/\/kus-pfaffenhofen.de\/wp-content\/uploads\/2023\/09\/Gewerbevereinigung-Muenchsmuenster-logogvm2-300x91.gif\" alt=\"\" width=\"300\" height=\"91\"><\/p>\n<p><a title=\"Trade association-M\u00fcnchsm\u00fcnster.de\" href=\"http:\/\/www.gewerbevereinigung-muenchsmuenster.de\/\" target=\"_blank\" rel=\"noopener noreferrer\">Click here<\/a> for the website of the M\u00fcnchsm\u00fcnster Trade Association.<\/p>\n<\/div>\n\t\t\t\t\t\t\t\t\t<div class=\"elementor-tab-title elementor-tab-mobile-title\" aria-selected=\"false\" data-tab=\"10\" role=\"tab\" tabindex=\"-1\" aria-controls=\"elementor-tab-content-19410\" aria-expanded=\"false\">Vohburg action group<\/div>\n\t\t\t\t\t<div id=\"elementor-tab-content-19410\" class=\"elementor-tab-content elementor-clearfix\" data-tab=\"10\" role=\"tabpanel\" aria-labelledby=\"elementor-tab-title-19410\" tabindex=\"0\" hidden=\"hidden\"><div class=\"vc_tta-panel-body\">\n<div class=\"wpb_text_column wpb_content_element \">\n<div class=\"wpb_wrapper\">\n<p><img loading=\"lazy\" decoding=\"async\" class=\"alignnone size-full wp-image-2360\" src=\"https:\/\/kus-pfaffenhofen.de\/wp-content\/uploads\/2023\/09\/logo_aktionskreis_small.png\" alt=\"\" width=\"211\" height=\"72\"><\/p>\n<p>For more than thirty years, business people and entrepreneurs have been working together in the Vohburg trade association &#8220;Aktionskreis Vohburg&#8221; for a Vohburg worth living in. The common goal is to increase the quality of life in Vohburg and improve the competitiveness of local businesses.<\/p>\n<p><a title=\"Action group\" href=\"http:\/\/www.aktionskreis.de\/\" target=\"_blank\" rel=\"noopener noreferrer\">Click here<\/a> for the website of Aktionskreis Vohburg e.V.<\/p>\n<\/div>\n<\/div>\n<\/div>\n<\/div>\n\t\t\t\t\t\t\t\t\t<div class=\"elementor-tab-title elementor-tab-mobile-title\" aria-selected=\"false\" data-tab=\"11\" role=\"tab\" tabindex=\"-1\" aria-controls=\"elementor-tab-content-19411\" aria-expanded=\"false\">Wolnzach trade association<\/div>\n\t\t\t\t\t<div id=\"elementor-tab-content-19411\" class=\"elementor-tab-content elementor-clearfix\" data-tab=\"11\" role=\"tabpanel\" aria-labelledby=\"elementor-tab-title-19411\" tabindex=\"0\" hidden=\"hidden\"><p><img loading=\"lazy\" decoding=\"async\" class=\"alignnone size-full wp-image-2362\" src=\"https:\/\/kus-pfaffenhofen.de\/wp-content\/uploads\/2023\/09\/Gewerbeverband-Wolnzach.png\" alt=\"\" width=\"200\" height=\"125\"><\/p>\n<div class=\"vc_tta-panel-body\">\n<div class=\"wpb_text_column wpb_content_element \">\n<div class=\"wpb_wrapper\">\n<p>The trade association has set itself the goal of establishing the Wolnzach market as an attractive location for guests and locals by increasing customer proximity.<\/p>\n<p>The Wolnzach Trade Association actively supports its members in achieving this goal. Not only the activities for the citizens of Wolnzach and charitable activities, but also the stabilization of the existing business portfolio and expansion are important goals of the trade association.<\/p>\n<p><a title=\"GV Wolnzach\" href=\"http:\/\/www.gv-wolnzach.de\/\" target=\"_blank\" rel=\"noopener noreferrer\">Click here<\/a> for the website of the Wolnzach trade association.<\/p>\n<\/div>\n<\/div>\n<\/div>\n<\/div>\n\t\t\t\t\t\t\t\t\t<div class=\"elementor-tab-title elementor-tab-mobile-title\" aria-selected=\"false\" data-tab=\"12\" role=\"tab\" tabindex=\"-1\" aria-controls=\"elementor-tab-content-19412\" aria-expanded=\"false\">Discover Rohrbach<\/div>\n\t\t\t\t\t<div id=\"elementor-tab-content-19412\" class=\"elementor-tab-content elementor-clearfix\" data-tab=\"12\" role=\"tabpanel\" aria-labelledby=\"elementor-tab-title-19412\" tabindex=\"0\" hidden=\"hidden\"><p><img loading=\"lazy\" decoding=\"async\" class=\"alignnone size-full wp-image-2364\" src=\"https:\/\/kus-pfaffenhofen.de\/wp-content\/uploads\/2023\/09\/rgi_button.jpg\" alt=\"\" width=\"60\" height=\"60\"><\/p>\n<p>A large number of businesses from Rohrbach have joined forces here and are developing joint campaigns such as a voucher booklet.<\/p>\n<p>More information at <a href=\"http:\/\/www.entdecke-rohrbach.de\" target=\"_blank\" rel=\"noopener noreferrer\">entdecke-rohrbach.de<\/a><\/p>\n<\/div>\n\t\t\t\t\t\t\t\t\t<div class=\"elementor-tab-title elementor-tab-mobile-title\" aria-selected=\"false\" data-tab=\"13\" role=\"tab\" tabindex=\"-1\" aria-controls=\"elementor-tab-content-19413\" aria-expanded=\"false\">Federation of the self-employed - local association Rohrbach<\/div>\n\t\t\t\t\t<div id=\"elementor-tab-content-19413\" class=\"elementor-tab-content elementor-clearfix\" data-tab=\"13\" role=\"tabpanel\" aria-labelledby=\"elementor-tab-title-19413\" tabindex=\"0\" hidden=\"hidden\"><p><strong>Deput. Chairwoman<\/strong><\/p>\n<p>Giesela John<\/p>\n<p>85296 Rohrbach<br \/><a href=\"mailto:john-rohrbach@web.de\">john-rohrbach@web.de<\/a><br \/>0842\/7247<\/p>\n<\/div>\n\t\t\t\t\t\t\t\t\t<div class=\"elementor-tab-title elementor-tab-mobile-title\" aria-selected=\"false\" data-tab=\"14\" role=\"tab\" tabindex=\"-1\" aria-controls=\"elementor-tab-content-19414\" aria-expanded=\"false\">Association of the self-employed - Reichertshofen local association<\/div>\n\t\t\t\t\t<div id=\"elementor-tab-content-19414\" class=\"elementor-tab-content elementor-clearfix\" data-tab=\"14\" role=\"tabpanel\" aria-labelledby=\"elementor-tab-title-19414\" tabindex=\"0\" hidden=\"hidden\"><p><strong>1st Chairman<\/strong><\/p>\n<p>Frohwin Raab<\/p>\n<p>85084 Reichertshofen<br \/><a href=\"mailto:Frohwin.Raab@t-online.de\">Frohwin.Raab@t-online.de<\/a><br \/>08453\/7713<\/p>\n<\/div>\n\t\t\t\t\t\t\t<\/div>\n\t\t<\/div>\n\t\t\t\t\t\t<\/div>\n\t\t\t\t<\/div>\n\t\t\t\t\t<\/div>\n\t\t\t\t<\/div>\n\t\t<div class=\"elementor-element elementor-element-b66bea2 e-flex e-con-boxed e-con e-parent\" data-id=\"b66bea2\" data-element_type=\"container\" data-e-type=\"container\">\n\t\t\t\t\t<div class=\"e-con-inner\">\n\t\t\t\t<div class=\"elementor-element elementor-element-f8d58ab elementor-widget elementor-widget-text-editor\" data-id=\"f8d58ab\" data-element_type=\"widget\" data-e-type=\"widget\" data-widget_type=\"text-editor.default\">\n\t\t\t\t<div class=\"elementor-widget-container\">\n\t\t\t\t\t\t\t\t\t<p>If you would like to work in one of the above-mentioned networks or participate in projects, please let us know.<\/p>\n\t\t\t\t\t\t\t\t<\/div>\n\t\t\t\t<\/div>\n\t\t\t\t\t<\/div>\n\t\t\t\t<\/div>\n\t\t<div class=\"elementor-element elementor-element-aa5e03c e-flex e-con-boxed e-con e-parent\" data-id=\"aa5e03c\" data-element_type=\"container\" data-e-type=\"container\">\n\t\t\t\t\t<div class=\"e-con-inner\">\n\t\t\t\t<div class=\"elementor-element elementor-element-da8c493 elementor-widget elementor-widget-heading\" data-id=\"da8c493\" data-element_type=\"widget\" data-e-type=\"widget\" data-widget_type=\"heading.default\">\n\t\t\t\t<div class=\"elementor-widget-container\">\n\t\t\t\t\t<h2 class=\"elementor-heading-title elementor-size-default\">Your contact person<\/h2>\t\t\t\t<\/div>\n\t\t\t\t<\/div>\n\t\t\t\t<div class=\"elementor-element elementor-element-03e0a19 elementor-grid-1 elementor-grid-tablet-2 elementor-grid-mobile-1 elementor-widget elementor-widget-loop-grid\" data-id=\"03e0a19\" data-element_type=\"widget\" data-e-type=\"widget\" data-settings=\"{&quot;template_id&quot;:361,&quot;columns&quot;:1,&quot;_skin&quot;:&quot;post&quot;,&quot;columns_tablet&quot;:&quot;2&quot;,&quot;columns_mobile&quot;:&quot;1&quot;,&quot;edit_handle_selector&quot;:&quot;[data-elementor-type=\\&quot;loop-item\\&quot;]&quot;,&quot;row_gap&quot;:{&quot;unit&quot;:&quot;px&quot;,&quot;size&quot;:&quot;&quot;,&quot;sizes&quot;:[]},&quot;row_gap_tablet&quot;:{&quot;unit&quot;:&quot;px&quot;,&quot;size&quot;:&quot;&quot;,&quot;sizes&quot;:[]},&quot;row_gap_mobile&quot;:{&quot;unit&quot;:&quot;px&quot;,&quot;size&quot;:&quot;&quot;,&quot;sizes&quot;:[]}}\" data-widget_type=\"loop-grid.post\">\n\t\t\t\t<div class=\"elementor-widget-container\">\n\t\t\t\t\t\t\t<div class=\"e-loop-nothing-found-message\">\n\t\t<\/div>\n\t\t\t\t\t\t<\/div>\n\t\t\t\t<\/div>\n\t\t\t\t\t<\/div>\n\t\t\t\t<\/div>\n\t\t\t\t<\/div>\n\t\t","protected":false},"excerpt":{"rendered":"<p>Networks are of great importance for sustainable economic development and growth in the district of Pfaffenhofen a.d.Ilm.<\/p>\n","protected":false},"author":3,"featured_media":31037,"parent":22489,"menu_order":1,"comment_status":"closed","ping_status":"closed","template":"elementor_theme","meta":{"_acf_changed":false,"inline_featured_image":false,"footnotes":""},"page-category":[],"class_list":["post-22463","page","type-page","status-publish","has-post-thumbnail","hentry"],"acf":[],"yoast_head":"<!-- This site is optimized with the Yoast SEO plugin v27.5 - https:\/\/yoast.com\/product\/yoast-seo-wordpress\/ -->\n<title>Committees &amp; networks - KUS<\/title>\n<meta name=\"description\" content=\"Networks are of great importance for sustainable economic development and growth in the district of Pfaffenhofen a.d.Ilm.\" \/>\n<meta name=\"robots\" content=\"index, follow, max-snippet:-1, max-image-preview:large, max-video-preview:-1\" \/>\n<link rel=\"canonical\" href=\"https:\/\/kus-pfaffenhofen.de\/en\/encounter-networking\/committees-networks\/\" \/>\n<meta property=\"og:locale\" content=\"en_US\" \/>\n<meta property=\"og:type\" content=\"article\" \/>\n<meta property=\"og:title\" content=\"Committees &amp; networks - KUS\" \/>\n<meta property=\"og:description\" content=\"Networks are of great importance for sustainable economic development and growth in the district of Pfaffenhofen a.d.Ilm.\" \/>\n<meta property=\"og:url\" content=\"https:\/\/kus-pfaffenhofen.de\/en\/encounter-networking\/committees-networks\/\" \/>\n<meta property=\"og:site_name\" content=\"KUS\" \/>\n<meta property=\"article:modified_time\" content=\"2023-12-18T07:42:04+00:00\" \/>\n<meta property=\"og:image\" content=\"https:\/\/kus-pfaffenhofen.de\/wp-content\/uploads\/2023\/09\/KUS-RKW-Fachkraefteforum-8663-scaled.jpg\" \/>\n\t<meta property=\"og:image:width\" content=\"2560\" \/>\n\t<meta property=\"og:image:height\" content=\"1707\" \/>\n\t<meta property=\"og:image:type\" content=\"image\/jpeg\" \/>\n<meta name=\"twitter:card\" content=\"summary_large_image\" \/>\n<meta name=\"twitter:label1\" content=\"Est. reading time\" \/>\n\t<meta name=\"twitter:data1\" content=\"10 minutes\" \/>\n<script type=\"application\/ld+json\" class=\"yoast-schema-graph\">{\"@context\":\"https:\\\/\\\/schema.org\",\"@graph\":[{\"@type\":\"WebPage\",\"@id\":\"https:\\\/\\\/kus-pfaffenhofen.de\\\/en\\\/encounter-networking\\\/committees-networks\\\/\",\"url\":\"https:\\\/\\\/kus-pfaffenhofen.de\\\/en\\\/encounter-networking\\\/committees-networks\\\/\",\"name\":\"Committees &amp; networks - KUS\",\"isPartOf\":{\"@id\":\"https:\\\/\\\/kus-pfaffenhofen.de\\\/en\\\/#website\"},\"primaryImageOfPage\":{\"@id\":\"https:\\\/\\\/kus-pfaffenhofen.de\\\/en\\\/encounter-networking\\\/committees-networks\\\/#primaryimage\"},\"image\":{\"@id\":\"https:\\\/\\\/kus-pfaffenhofen.de\\\/en\\\/encounter-networking\\\/committees-networks\\\/#primaryimage\"},\"thumbnailUrl\":\"https:\\\/\\\/kus-pfaffenhofen.de\\\/wp-content\\\/uploads\\\/2025\\\/10\\\/KUS-Unternehmerforum-72dpi-109.jpg\",\"datePublished\":\"2023-09-22T07:08:03+00:00\",\"dateModified\":\"2023-12-18T07:42:04+00:00\",\"description\":\"Networks are of great importance for sustainable economic development and growth in the district of Pfaffenhofen a.d.Ilm.\",\"breadcrumb\":{\"@id\":\"https:\\\/\\\/kus-pfaffenhofen.de\\\/en\\\/encounter-networking\\\/committees-networks\\\/#breadcrumb\"},\"inLanguage\":\"en-US\",\"potentialAction\":[{\"@type\":\"ReadAction\",\"target\":[\"https:\\\/\\\/kus-pfaffenhofen.de\\\/en\\\/encounter-networking\\\/committees-networks\\\/\"]}]},{\"@type\":\"ImageObject\",\"inLanguage\":\"en-US\",\"@id\":\"https:\\\/\\\/kus-pfaffenhofen.de\\\/en\\\/encounter-networking\\\/committees-networks\\\/#primaryimage\",\"url\":\"https:\\\/\\\/kus-pfaffenhofen.de\\\/wp-content\\\/uploads\\\/2025\\\/10\\\/KUS-Unternehmerforum-72dpi-109.jpg\",\"contentUrl\":\"https:\\\/\\\/kus-pfaffenhofen.de\\\/wp-content\\\/uploads\\\/2025\\\/10\\\/KUS-Unternehmerforum-72dpi-109.jpg\",\"width\":2000,\"height\":1333},{\"@type\":\"BreadcrumbList\",\"@id\":\"https:\\\/\\\/kus-pfaffenhofen.de\\\/en\\\/encounter-networking\\\/committees-networks\\\/#breadcrumb\",\"itemListElement\":[{\"@type\":\"ListItem\",\"position\":1,\"name\":\"KUS\",\"item\":\"https:\\\/\\\/kus-pfaffenhofen.de\\\/en\\\/home-page\\\/\"},{\"@type\":\"ListItem\",\"position\":2,\"name\":\"Committees &amp; networks\"}]},{\"@type\":\"WebSite\",\"@id\":\"https:\\\/\\\/kus-pfaffenhofen.de\\\/en\\\/#website\",\"url\":\"https:\\\/\\\/kus-pfaffenhofen.de\\\/en\\\/\",\"name\":\"Kommunalunternehmen Strukturentwicklung Landkreis Pfaffenhofen a.d.Ilm\",\"description\":\"im Landkreis Pfaffenhofen a.d.Ilm\",\"publisher\":{\"@id\":\"https:\\\/\\\/kus-pfaffenhofen.de\\\/en\\\/#organization\"},\"potentialAction\":[{\"@type\":\"SearchAction\",\"target\":{\"@type\":\"EntryPoint\",\"urlTemplate\":\"https:\\\/\\\/kus-pfaffenhofen.de\\\/en\\\/?s={search_term_string}\"},\"query-input\":{\"@type\":\"PropertyValueSpecification\",\"valueRequired\":true,\"valueName\":\"search_term_string\"}}],\"inLanguage\":\"en-US\"},{\"@type\":\"Organization\",\"@id\":\"https:\\\/\\\/kus-pfaffenhofen.de\\\/en\\\/#organization\",\"name\":\"Kommunalunternehmen Strukturentwicklung Landkreis Pfaffenhofen a.d.Ilm\",\"url\":\"https:\\\/\\\/kus-pfaffenhofen.de\\\/en\\\/\",\"logo\":{\"@type\":\"ImageObject\",\"inLanguage\":\"en-US\",\"@id\":\"https:\\\/\\\/kus-pfaffenhofen.de\\\/en\\\/#\\\/schema\\\/logo\\\/image\\\/\",\"url\":\"https:\\\/\\\/kus-pfaffenhofen.de\\\/wp-content\\\/uploads\\\/2023\\\/06\\\/logo.svg\",\"contentUrl\":\"https:\\\/\\\/kus-pfaffenhofen.de\\\/wp-content\\\/uploads\\\/2023\\\/06\\\/logo.svg\",\"width\":370,\"height\":174,\"caption\":\"Kommunalunternehmen Strukturentwicklung Landkreis Pfaffenhofen a.d.Ilm\"},\"image\":{\"@id\":\"https:\\\/\\\/kus-pfaffenhofen.de\\\/en\\\/#\\\/schema\\\/logo\\\/image\\\/\"}}]}<\/script>\n<!-- \/ Yoast SEO plugin. -->","yoast_head_json":{"title":"Committees &amp; networks - KUS","description":"Networks are of great importance for sustainable economic development and growth in the district of Pfaffenhofen a.d.Ilm.","robots":{"index":"index","follow":"follow","max-snippet":"max-snippet:-1","max-image-preview":"max-image-preview:large","max-video-preview":"max-video-preview:-1"},"canonical":"https:\/\/kus-pfaffenhofen.de\/en\/encounter-networking\/committees-networks\/","og_locale":"en_US","og_type":"article","og_title":"Committees &amp; networks - KUS","og_description":"Networks are of great importance for sustainable economic development and growth in the district of Pfaffenhofen a.d.Ilm.","og_url":"https:\/\/kus-pfaffenhofen.de\/en\/encounter-networking\/committees-networks\/","og_site_name":"KUS","article_modified_time":"2023-12-18T07:42:04+00:00","og_image":[{"width":2560,"height":1707,"url":"https:\/\/kus-pfaffenhofen.de\/wp-content\/uploads\/2023\/09\/KUS-RKW-Fachkraefteforum-8663-scaled.jpg","type":"image\/jpeg"}],"twitter_card":"summary_large_image","twitter_misc":{"Est. reading time":"10 minutes"},"schema":{"@context":"https:\/\/schema.org","@graph":[{"@type":"WebPage","@id":"https:\/\/kus-pfaffenhofen.de\/en\/encounter-networking\/committees-networks\/","url":"https:\/\/kus-pfaffenhofen.de\/en\/encounter-networking\/committees-networks\/","name":"Committees &amp; networks - KUS","isPartOf":{"@id":"https:\/\/kus-pfaffenhofen.de\/en\/#website"},"primaryImageOfPage":{"@id":"https:\/\/kus-pfaffenhofen.de\/en\/encounter-networking\/committees-networks\/#primaryimage"},"image":{"@id":"https:\/\/kus-pfaffenhofen.de\/en\/encounter-networking\/committees-networks\/#primaryimage"},"thumbnailUrl":"https:\/\/kus-pfaffenhofen.de\/wp-content\/uploads\/2025\/10\/KUS-Unternehmerforum-72dpi-109.jpg","datePublished":"2023-09-22T07:08:03+00:00","dateModified":"2023-12-18T07:42:04+00:00","description":"Networks are of great importance for sustainable economic development and growth in the district of Pfaffenhofen a.d.Ilm.","breadcrumb":{"@id":"https:\/\/kus-pfaffenhofen.de\/en\/encounter-networking\/committees-networks\/#breadcrumb"},"inLanguage":"en-US","potentialAction":[{"@type":"ReadAction","target":["https:\/\/kus-pfaffenhofen.de\/en\/encounter-networking\/committees-networks\/"]}]},{"@type":"ImageObject","inLanguage":"en-US","@id":"https:\/\/kus-pfaffenhofen.de\/en\/encounter-networking\/committees-networks\/#primaryimage","url":"https:\/\/kus-pfaffenhofen.de\/wp-content\/uploads\/2025\/10\/KUS-Unternehmerforum-72dpi-109.jpg","contentUrl":"https:\/\/kus-pfaffenhofen.de\/wp-content\/uploads\/2025\/10\/KUS-Unternehmerforum-72dpi-109.jpg","width":2000,"height":1333},{"@type":"BreadcrumbList","@id":"https:\/\/kus-pfaffenhofen.de\/en\/encounter-networking\/committees-networks\/#breadcrumb","itemListElement":[{"@type":"ListItem","position":1,"name":"KUS","item":"https:\/\/kus-pfaffenhofen.de\/en\/home-page\/"},{"@type":"ListItem","position":2,"name":"Committees &amp; networks"}]},{"@type":"WebSite","@id":"https:\/\/kus-pfaffenhofen.de\/en\/#website","url":"https:\/\/kus-pfaffenhofen.de\/en\/","name":"Kommunalunternehmen Strukturentwicklung Landkreis Pfaffenhofen a.d.Ilm","description":"im Landkreis Pfaffenhofen a.d.Ilm","publisher":{"@id":"https:\/\/kus-pfaffenhofen.de\/en\/#organization"},"potentialAction":[{"@type":"SearchAction","target":{"@type":"EntryPoint","urlTemplate":"https:\/\/kus-pfaffenhofen.de\/en\/?s={search_term_string}"},"query-input":{"@type":"PropertyValueSpecification","valueRequired":true,"valueName":"search_term_string"}}],"inLanguage":"en-US"},{"@type":"Organization","@id":"https:\/\/kus-pfaffenhofen.de\/en\/#organization","name":"Kommunalunternehmen Strukturentwicklung Landkreis Pfaffenhofen a.d.Ilm","url":"https:\/\/kus-pfaffenhofen.de\/en\/","logo":{"@type":"ImageObject","inLanguage":"en-US","@id":"https:\/\/kus-pfaffenhofen.de\/en\/#\/schema\/logo\/image\/","url":"https:\/\/kus-pfaffenhofen.de\/wp-content\/uploads\/2023\/06\/logo.svg","contentUrl":"https:\/\/kus-pfaffenhofen.de\/wp-content\/uploads\/2023\/06\/logo.svg","width":370,"height":174,"caption":"Kommunalunternehmen Strukturentwicklung Landkreis Pfaffenhofen a.d.Ilm"},"image":{"@id":"https:\/\/kus-pfaffenhofen.de\/en\/#\/schema\/logo\/image\/"}}]}},"_links":{"self":[{"href":"https:\/\/kus-pfaffenhofen.de\/en\/wp-json\/wp\/v2\/pages\/22463","targetHints":{"allow":["GET"]}}],"collection":[{"href":"https:\/\/kus-pfaffenhofen.de\/en\/wp-json\/wp\/v2\/pages"}],"about":[{"href":"https:\/\/kus-pfaffenhofen.de\/en\/wp-json\/wp\/v2\/types\/page"}],"author":[{"embeddable":true,"href":"https:\/\/kus-pfaffenhofen.de\/en\/wp-json\/wp\/v2\/users\/3"}],"replies":[{"embeddable":true,"href":"https:\/\/kus-pfaffenhofen.de\/en\/wp-json\/wp\/v2\/comments?post=22463"}],"version-history":[{"count":9,"href":"https:\/\/kus-pfaffenhofen.de\/en\/wp-json\/wp\/v2\/pages\/22463\/revisions"}],"predecessor-version":[{"id":22488,"href":"https:\/\/kus-pfaffenhofen.de\/en\/wp-json\/wp\/v2\/pages\/22463\/revisions\/22488"}],"up":[{"embeddable":true,"href":"https:\/\/kus-pfaffenhofen.de\/en\/wp-json\/wp\/v2\/pages\/22489"}],"wp:featuredmedia":[{"embeddable":true,"href":"https:\/\/kus-pfaffenhofen.de\/en\/wp-json\/wp\/v2\/media\/31037"}],"wp:attachment":[{"href":"https:\/\/kus-pfaffenhofen.de\/en\/wp-json\/wp\/v2\/media?parent=22463"}],"wp:term":[{"taxonomy":"page-category","embeddable":true,"href":"https:\/\/kus-pfaffenhofen.de\/en\/wp-json\/wp\/v2\/page-category?post=22463"}],"curies":[{"name":"wp","href":"https:\/\/api.w.org\/{rel}","templated":true}]}}